{"id":641,"date":"2015-07-01T01:47:10","date_gmt":"2015-06-30T23:47:10","guid":{"rendered":"http:\/\/www.wooditaly.eu\/wordpress\/?page_id=641"},"modified":"2018-06-06T13:12:44","modified_gmt":"2018-06-06T11:12:44","slug":"prima-patina","status":"publish","type":"page","link":"http:\/\/www.wooditaly.eu\/wordpress\/prodotti\/prima-patina\/","title":{"rendered":"Prima Patina"},"content":{"rendered":"<p><div class=\"fusion-bg-parallax\" data-bg-align=\"left bottom\" data-direction=\"up\" data-mute=\"false\" data-opacity=\"100\" data-velocity=\"-0.3\" data-mobile-enabled=\"false\" data-break_parents=\"0\" data-bg-image=\"http:\/\/www.wooditaly.eu\/wordpress\/wp-content\/uploads\/2018\/06\/home-section-pp-1024x630.jpg\" data-bg-repeat=\"false\" ><\/div><div class=\"fusion-fullwidth fullwidth-box fusion-builder-row-1 fusion-parallax-up nonhundred-percent-fullwidth non-hundred-percent-height-scrolling\" style=\"background-color: rgba(255,255,255,0);background-image: url(&quot;http:\/\/www.wooditaly.eu\/wordpress\/wp-content\/uploads\/2018\/06\/home-section-pp-1024x630.jpg&quot;);background-position: left bottom;background-repeat: no-repeat;padding-top:130px;padding-right:0px;padding-bottom:120px;padding-left:0px;margin-bottom: 0px;margin-top: 0px;border-width: 0px 0px 0px 0px;border-color:#eae9e9;border-style:solid;-webkit-background-size:cover;-moz-background-size:cover;-o-background-size:cover;background-size:cover;\" ><div class=\"fusion-builder-row fusion-row\"><div class=\"fusion-layout-column fusion_builder_column fusion-builder-column-0 fusion_builder_column_1_2 1_2 fusion-one-half fusion-column-first\" style=\"width:48%; margin-right: 4%;margin-top:0px;margin-bottom:20px;\"><div class=\"fusion-column-wrapper fusion-flex-column-wrapper-legacy\" style=\"background-position:left top;background-repeat:no-repeat;-webkit-background-size:cover;-moz-background-size:cover;-o-background-size:cover;background-size:cover;padding: 0px 0px 0px 0px;\"><div class=\"fusion-text fusion-text-1\" style=\"transform:translate3d(0,0,0);\"><h2><span style=\"color: #ffffff;\">PRIMA PATINA<\/span><\/h2>\n<p><span style=\"color: #ffffff;\">Il legno in patina, smontato e recuperato da vecchi fienili, vecchie stalle e masi, con il trascorrere del tempo ha subito processi di varia natura come l\u2019ossidazione del sole e delle intemperie assumendo un\u2019alterazione di colori straordinari.\u00a0La lavorazione trasforma queste tavole in pavimenti di legno bellissimi, porte uniche\u00a0e\u00a0pareti\/boiserie ricercate.<\/span><\/p>\n<\/div><div class=\"fusion-sep-clear\"><\/div><div class=\"fusion-separator fusion-full-width-sep\" style=\"margin-left: auto;margin-right: auto;margin-top:20px;width:100%;\"><\/div><div class=\"fusion-sep-clear\"><\/div><div class=\"fusion-button-wrapper\"><style type=\"text\/css\">.fusion-button.button-1 {border-radius:0px;}<\/style><a class=\"fusion-button button-flat button-xlarge button-default button-1 fusion-button-default-span fusion-button-default-type\" target=\"_self\" href=\"http:\/\/www.wooditaly.eu\/wordpress\/contatti\/\"><span class=\"fusion-button-text\">CONTATTACI<\/span><\/a><\/div><div class=\"fusion-clearfix\"><\/div><\/div><\/div><div class=\"fusion-layout-column fusion_builder_column fusion-builder-column-1 fusion_builder_column_1_2 1_2 fusion-one-half fusion-column-last\" style=\"width:48%;margin-top:0px;margin-bottom:20px;\"><div class=\"fusion-column-wrapper fusion-flex-column-wrapper-legacy\" style=\"background-position:left top;background-repeat:no-repeat;-webkit-background-size:cover;-moz-background-size:cover;-o-background-size:cover;background-size:cover;padding: 0px 0px 0px 0px;\"><div class=\"fusion-clearfix\"><\/div><\/div><\/div><\/div><\/div><div class=\"fusion-fullwidth fullwidth-box fusion-builder-row-2 nonhundred-percent-fullwidth non-hundred-percent-height-scrolling\" style=\"background-color: rgba(255,255,255,0);background-position: left top;background-repeat: no-repeat;padding-top:130px;padding-right:0px;padding-bottom:130px;padding-left:0px;margin-bottom: 0px;margin-top: 0px;border-width: 0px 0px 0px 0px;border-color:#eae9e9;border-style:solid;\" ><div class=\"fusion-builder-row fusion-row\"><div class=\"fusion-layout-column fusion_builder_column fusion-builder-column-2 fusion_builder_column_2_3 2_3 fusion-two-third fusion-column-first\" style=\"width:65.3333%; margin-right: 4%;margin-top:0px;margin-bottom:20px;\"><div class=\"fusion-column-wrapper fusion-flex-column-wrapper-legacy\" style=\"background-position:left top;background-repeat:no-repeat;-webkit-background-size:cover;-moz-background-size:cover;-o-background-size:cover;background-size:cover;padding: 0px 0px 0px 0px;\"><div class=\"fusion-text fusion-text-2\" style=\"transform:translate3d(0,0,0);\"><h2>CONSERVARE LA NATURALIT\u00c0<\/h2>\n<\/div><div class=\"fusion-sep-clear\"><\/div><div class=\"fusion-separator fusion-clearfix\" style=\"float:left;margin-top:0px;margin-bottom:35px;width:100%;max-width:170px;\"><div class=\"fusion-separator-border sep-single sep-solid\" style=\"border-color:#e2e3e8;border-top-width:3px;\"><\/div><\/div><div class=\"fusion-sep-clear\"><\/div><div class=\"fusion-text fusion-text-3\" style=\"transform:translate3d(0,0,0);\"><h3><em>La naturalit\u00e0 \u00e8 mantenuta utilizzando finiture come la cera.<\/em><\/h3>\n<\/div><div class=\"fusion-text fusion-text-4\" style=\"transform:translate3d(0,0,0);\"><h2><\/h2>\n<p>Il legno in patina, smontato e recuperato da vecchi fienili, vecchie stalle e masi, con il trascorrere del tempo ha subito processi di varia natura come l\u2019ossidazione del sole e delle intemperie assumendo un\u2019alterazione di colori straordinari.\u00a0WoodItaly trasforma queste tavole in pavimenti di legno bellissimi, per donare un particolare contrasto con gli arredi moderni e nello stesso tempo regalare pi\u00f9 sapore negli ambienti completamente rustici.<\/p>\n<\/div><div class=\"fusion-clearfix\"><\/div><\/div><\/div><div class=\"fusion-layout-column fusion_builder_column fusion-builder-column-3 fusion_builder_column_1_3 1_3 fusion-one-third fusion-column-last\" style=\"width:30.6666%;margin-top:0px;margin-bottom:20px;\"><div class=\"fusion-column-wrapper fusion-flex-column-wrapper-legacy\" style=\"background-position:left top;background-repeat:no-repeat;-webkit-background-size:cover;-moz-background-size:cover;-o-background-size:cover;background-size:cover;padding: 0px 0px 0px 0px;\"><span class=\" fusion-imageframe imageframe-none imageframe-1 hover-type-zoomin fusion-animated\" data-animationType=\"fadeInDown\" data-animationDuration=\"1.0\" data-animationOffset=\"100%\"><a href=\"http:\/\/www.wooditaly.eu\/wordpress\/wp-content\/uploads\/2018\/06\/pp01-700x1024.jpg\" class=\"fusion-lightbox\" data-rel=\"iLightbox[2121b7fa9fd5be20d98]\" data-title=\"pp01\" title=\"pp01\"><img width=\"700\" height=\"1024\" src=\"http:\/\/www.wooditaly.eu\/wordpress\/wp-content\/uploads\/2018\/06\/pp01-700x1024.jpg\" class=\"img-responsive wp-image-4041\" srcset=\"http:\/\/www.wooditaly.eu\/wordpress\/wp-content\/uploads\/2018\/06\/pp01-200x293.jpg 200w, http:\/\/www.wooditaly.eu\/wordpress\/wp-content\/uploads\/2018\/06\/pp01-400x585.jpg 400w, http:\/\/www.wooditaly.eu\/wordpress\/wp-content\/uploads\/2018\/06\/pp01-600x878.jpg 600w, http:\/\/www.wooditaly.eu\/wordpress\/wp-content\/uploads\/2018\/06\/pp01.jpg 750w\" sizes=\"(max-width: 800px) 100vw, 400px\" \/><\/a><\/span><div class=\"fusion-clearfix\"><\/div><\/div><\/div><\/div><\/div><div class=\"fusion-fullwidth fullwidth-box fusion-builder-row-3 fusion-parallax-none nonhundred-percent-fullwidth non-hundred-percent-height-scrolling\" style=\"background-color: rgba(255,255,255,0);background-image: url(&quot;http:\/\/www.wooditaly.eu\/wordpress\/wp-content\/uploads\/2018\/06\/pp-sez-1024x341.jpg&quot;);background-position: center center;background-repeat: no-repeat;padding-top:110px;padding-right:0px;padding-bottom:50px;padding-left:0px;margin-bottom: 0px;margin-top: 0px;border-width: 0px 0px 0px 0px;border-color:#eae9e9;border-style:solid;-webkit-background-size:cover;-moz-background-size:cover;-o-background-size:cover;background-size:cover;\" ><div class=\"fusion-builder-row fusion-row\"><div class=\"fusion-layout-column fusion_builder_column fusion-builder-column-4 fusion_builder_column_1_3 1_3 fusion-one-third fusion-column-first\" style=\"width:30.6666%; margin-right: 4%;margin-top:0px;margin-bottom:0px;\"><div class=\"fusion-column-wrapper fusion-flex-column-wrapper-legacy\" style=\"background-position:right center;background-repeat:no-repeat;-webkit-background-size:cover;-moz-background-size:cover;-o-background-size:cover;background-size:cover;border-right:3px solid #ffffff;padding: 0px 0px 0px 0px;\"><div class=\"fusion-text fusion-text-5\" style=\"transform:translate3d(0,0,0);\"><h2><span style=\"color: #ffffff;\"><span style=\"caret-color: #ffffff;\">LE RUGHE DEL LEGNO<\/span><\/span><\/h2>\n<\/div><div class=\"fusion-clearfix\"><\/div><\/div><\/div><div class=\"fusion-layout-column fusion_builder_column fusion-builder-column-5 fusion_builder_column_2_3 2_3 fusion-two-third fusion-column-last\" style=\"width:65.3333%;margin-top:0px;margin-bottom:100px;\"><div class=\"fusion-column-wrapper fusion-flex-column-wrapper-legacy\" style=\"background-position:left top;background-repeat:no-repeat;-webkit-background-size:cover;-moz-background-size:cover;-o-background-size:cover;background-size:cover;padding: 0px 0px 0px 0px;\"><div class=\"fusion-text fusion-text-6\" style=\"transform:translate3d(0,0,0);\"><h3><span style=\"color: #ffffff;\"><i>Il legno prima patina porta su di se i segni del suo passato,\u00a0\u00e8 stato esposto alla luce del sole, calpestato dai proprietari,\u00a0profumato\u00a0da gocce di vino.<\/i><\/span><\/h3>\n<\/div><div class=\"fusion-clearfix\"><\/div><\/div><\/div><\/div><\/div><div class=\"fusion-fullwidth fullwidth-box fusion-builder-row-4 nonhundred-percent-fullwidth non-hundred-percent-height-scrolling fusion-equal-height-columns\" style=\"background-color: rgba(255,255,255,0);background-position: left top;background-repeat: no-repeat;padding-top:130px;padding-right:0px;padding-bottom:110px;padding-left:0px;margin-bottom: 0px;margin-top: 0px;border-width: 0px 0px 0px 0px;border-color:#eae9e9;border-style:solid;\" ><div class=\"fusion-builder-row fusion-row\"><div class=\"fusion-layout-column fusion_builder_column fusion-builder-column-6 fusion_builder_column_3_5 3_5 fusion-three-fifth fusion-column-first\" style=\"width:58.4%; margin-right: 4%;margin-top:0px;margin-bottom:40px;\"><div class=\"fusion-column-wrapper fusion-flex-column-wrapper-legacy\" style=\"background-position:left top;background-repeat:no-repeat;-webkit-background-size:cover;-moz-background-size:cover;-o-background-size:cover;background-size:cover;background-color:#f8f8f8;padding: 0px 0px 0px 0px;\"><div class=\"fusion-image-carousel fusion-image-carousel-auto lightbox-enabled fusion-carousel-border\"><div class=\"fusion-carousel\" data-autoplay=\"yes\" data-columns=\"1\" data-itemmargin=\"13\" data-itemwidth=\"180\" data-touchscroll=\"no\" data-imagesize=\"auto\"><div class=\"fusion-carousel-positioner\"><ul class=\"fusion-carousel-holder\"><li class=\"fusion-carousel-item\"><div class=\"fusion-carousel-item-wrapper\"><div class=\"fusion-image-wrapper hover-type-zoomin\"><a data-rel=\"iLightbox[image_carousel_1]\" data-title=\"pp02\" aria-label=\"pp02\" href=\"http:\/\/www.wooditaly.eu\/wordpress\/wp-content\/uploads\/2018\/06\/pp02-1024x660.jpg\" target=\"_self\"><img width=\"1366\" height=\"880\" src=\"http:\/\/www.wooditaly.eu\/wordpress\/wp-content\/uploads\/2018\/06\/pp02.jpg\" class=\"attachment-full size-full\" alt=\"\" srcset=\"http:\/\/www.wooditaly.eu\/wordpress\/wp-content\/uploads\/2018\/06\/pp02-200x129.jpg 200w, http:\/\/www.wooditaly.eu\/wordpress\/wp-content\/uploads\/2018\/06\/pp02-300x193.jpg 300w, http:\/\/www.wooditaly.eu\/wordpress\/wp-content\/uploads\/2018\/06\/pp02-400x258.jpg 400w, http:\/\/www.wooditaly.eu\/wordpress\/wp-content\/uploads\/2018\/06\/pp02-460x295.jpg 460w, http:\/\/www.wooditaly.eu\/wordpress\/wp-content\/uploads\/2018\/06\/pp02-600x387.jpg 600w, http:\/\/www.wooditaly.eu\/wordpress\/wp-content\/uploads\/2018\/06\/pp02-768x495.jpg 768w, http:\/\/www.wooditaly.eu\/wordpress\/wp-content\/uploads\/2018\/06\/pp02-800x515.jpg 800w, http:\/\/www.wooditaly.eu\/wordpress\/wp-content\/uploads\/2018\/06\/pp02-1024x660.jpg 1024w, http:\/\/www.wooditaly.eu\/wordpress\/wp-content\/uploads\/2018\/06\/pp02-1200x773.jpg 1200w, http:\/\/www.wooditaly.eu\/wordpress\/wp-content\/uploads\/2018\/06\/pp02.jpg 1366w\" sizes=\"(max-width: 1366px) 100vw, 1366px\" \/><\/a><\/div><\/div><\/li><li class=\"fusion-carousel-item\"><div class=\"fusion-carousel-item-wrapper\"><div class=\"fusion-image-wrapper hover-type-zoomin\"><a data-rel=\"iLightbox[image_carousel_1]\" data-title=\"pp03\" aria-label=\"pp03\" href=\"http:\/\/www.wooditaly.eu\/wordpress\/wp-content\/uploads\/2018\/06\/pp03-1024x660.jpg\" target=\"_self\"><img width=\"1366\" height=\"880\" src=\"http:\/\/www.wooditaly.eu\/wordpress\/wp-content\/uploads\/2018\/06\/pp03.jpg\" class=\"attachment-full size-full\" alt=\"\" srcset=\"http:\/\/www.wooditaly.eu\/wordpress\/wp-content\/uploads\/2018\/06\/pp03-200x129.jpg 200w, http:\/\/www.wooditaly.eu\/wordpress\/wp-content\/uploads\/2018\/06\/pp03-300x193.jpg 300w, http:\/\/www.wooditaly.eu\/wordpress\/wp-content\/uploads\/2018\/06\/pp03-400x258.jpg 400w, http:\/\/www.wooditaly.eu\/wordpress\/wp-content\/uploads\/2018\/06\/pp03-460x295.jpg 460w, http:\/\/www.wooditaly.eu\/wordpress\/wp-content\/uploads\/2018\/06\/pp03-600x387.jpg 600w, http:\/\/www.wooditaly.eu\/wordpress\/wp-content\/uploads\/2018\/06\/pp03-768x495.jpg 768w, http:\/\/www.wooditaly.eu\/wordpress\/wp-content\/uploads\/2018\/06\/pp03-800x515.jpg 800w, http:\/\/www.wooditaly.eu\/wordpress\/wp-content\/uploads\/2018\/06\/pp03-1024x660.jpg 1024w, http:\/\/www.wooditaly.eu\/wordpress\/wp-content\/uploads\/2018\/06\/pp03-1200x773.jpg 1200w, http:\/\/www.wooditaly.eu\/wordpress\/wp-content\/uploads\/2018\/06\/pp03.jpg 1366w\" sizes=\"(max-width: 1366px) 100vw, 1366px\" \/><\/a><\/div><\/div><\/li><li class=\"fusion-carousel-item\"><div class=\"fusion-carousel-item-wrapper\"><div class=\"fusion-image-wrapper hover-type-zoomin\"><a data-rel=\"iLightbox[image_carousel_1]\" data-title=\"pp04\" aria-label=\"pp04\" href=\"http:\/\/www.wooditaly.eu\/wordpress\/wp-content\/uploads\/2018\/06\/pp04-1024x660.jpg\" target=\"_self\"><img width=\"1366\" height=\"880\" src=\"http:\/\/www.wooditaly.eu\/wordpress\/wp-content\/uploads\/2018\/06\/pp04.jpg\" class=\"attachment-full size-full\" alt=\"\" srcset=\"http:\/\/www.wooditaly.eu\/wordpress\/wp-content\/uploads\/2018\/06\/pp04-200x129.jpg 200w, http:\/\/www.wooditaly.eu\/wordpress\/wp-content\/uploads\/2018\/06\/pp04-300x193.jpg 300w, http:\/\/www.wooditaly.eu\/wordpress\/wp-content\/uploads\/2018\/06\/pp04-400x258.jpg 400w, http:\/\/www.wooditaly.eu\/wordpress\/wp-content\/uploads\/2018\/06\/pp04-460x295.jpg 460w, http:\/\/www.wooditaly.eu\/wordpress\/wp-content\/uploads\/2018\/06\/pp04-600x387.jpg 600w, http:\/\/www.wooditaly.eu\/wordpress\/wp-content\/uploads\/2018\/06\/pp04-768x495.jpg 768w, http:\/\/www.wooditaly.eu\/wordpress\/wp-content\/uploads\/2018\/06\/pp04-800x515.jpg 800w, http:\/\/www.wooditaly.eu\/wordpress\/wp-content\/uploads\/2018\/06\/pp04-1024x660.jpg 1024w, http:\/\/www.wooditaly.eu\/wordpress\/wp-content\/uploads\/2018\/06\/pp04-1200x773.jpg 1200w, http:\/\/www.wooditaly.eu\/wordpress\/wp-content\/uploads\/2018\/06\/pp04.jpg 1366w\" sizes=\"(max-width: 1366px) 100vw, 1366px\" \/><\/a><\/div><\/div><\/li><\/ul><div class=\"fusion-carousel-nav\"><span class=\"fusion-nav-prev\"><\/span><span class=\"fusion-nav-next\"><\/span><\/div><\/div><\/div><\/div><div class=\"fusion-text fusion-text-7\" style=\"transform:translate3d(0,0,0);\"><div style=\"padding: 25px;\">\n<h4>Colore Personalizzato<\/h4>\n<p>Su richiesta WoodItaly \u00e8 in grado di creare esclusive finiture Bio con l&#8217;utilizzo del vino rosso, terre colorate, cenere e caff\u00e8, il tutto nel pieno rispetto dell&#8217;autenticit\u00e0 del legno trattato.<\/p>\n<\/div>\n<\/div><div class=\"fusion-clearfix\"><\/div><\/div><\/div><div class=\"fusion-layout-column fusion_builder_column fusion-builder-column-7 fusion_builder_column_2_5 2_5 fusion-two-fifth fusion-column-last\" style=\"width:37.6%;margin-top:0px;margin-bottom:20px;\"><div class=\"fusion-column-wrapper fusion-flex-column-wrapper-legacy\" style=\"background-position:left top;background-repeat:no-repeat;-webkit-background-size:cover;-moz-background-size:cover;-o-background-size:cover;background-size:cover;background-color:#f8f8f8;padding: 0px 0px 0px 0px;\"><div class=\"imageframe-align-center\"><span class=\" fusion-imageframe imageframe-none imageframe-2 hover-type-zoomin\"><a href=\"http:\/\/www.wooditaly.eu\/wordpress\/wp-content\/uploads\/2018\/06\/pp05.jpg\" class=\"fusion-lightbox\" data-rel=\"iLightbox[0413b31ca64c8034cd8]\" data-title=\"pp05\" title=\"pp05\"><img width=\"580\" height=\"580\" src=\"http:\/\/www.wooditaly.eu\/wordpress\/wp-content\/uploads\/2018\/06\/pp05.jpg\" class=\"img-responsive wp-image-4049\" srcset=\"http:\/\/www.wooditaly.eu\/wordpress\/wp-content\/uploads\/2018\/06\/pp05-200x200.jpg 200w, http:\/\/www.wooditaly.eu\/wordpress\/wp-content\/uploads\/2018\/06\/pp05-400x400.jpg 400w, http:\/\/www.wooditaly.eu\/wordpress\/wp-content\/uploads\/2018\/06\/pp05.jpg 580w\" sizes=\"(max-width: 800px) 100vw, 580px\" \/><\/a><\/span><\/div><div class=\"fusion-text fusion-text-8\" style=\"transform:translate3d(0,0,0);\"><div style=\"padding: 25px;\">\n<h4>Un gusto antico<\/h4>\n<p>Le pregiate particolarit\u00e0 che questo prodotto offre e che ne attestano l\u2019autenticit\u00e0 sono le stuccature e le tassellature, gli annerimenti dei fori lasciati dai chiodi, i vari nodi grossi, le fibrature di diversa tonalit\u00e0 e la spazzolatura profonda.<\/p>\n<\/div>\n<\/div><div class=\"fusion-clearfix\"><\/div><\/div><\/div><\/div><\/div><div class=\"fusion-fullwidth fullwidth-box fusion-builder-row-5 fusion-parallax-none nonhundred-percent-fullwidth non-hundred-percent-height-scrolling fusion-equal-height-columns\" style=\"background-color: rgba(255,255,255,0);background-image: url(&quot;http:\/\/www.wooditaly.eu\/wordpress\/wp-content\/uploads\/2018\/06\/pp-sez-1024x341.jpg&quot;);background-position: center center;background-repeat: no-repeat;padding-top:110px;padding-right:0px;padding-bottom:50px;padding-left:0px;margin-bottom: 0px;margin-top: 0px;border-width: 0px 0px 0px 0px;border-color:#eae9e9;border-style:solid;-webkit-background-size:cover;-moz-background-size:cover;-o-background-size:cover;background-size:cover;\" ><div class=\"fusion-builder-row fusion-row\"><div class=\"fusion-layout-column fusion_builder_column fusion-builder-column-8 fusion_builder_column_1_3 1_3 fusion-one-third fusion-column-first\" style=\"width:30.6666%; margin-right: 4%;margin-top:0px;margin-bottom:0px;\"><div class=\"fusion-column-wrapper fusion-flex-column-wrapper-legacy\" style=\"background-position:right center;background-repeat:no-repeat;-webkit-background-size:cover;-moz-background-size:cover;-o-background-size:cover;background-size:cover;border-right:3px solid #ffffff;padding: 0px 0px 0px 0px;\"><div class=\"fusion-column-content-centered\"><div class=\"fusion-column-content\"><div class=\"fusion-text fusion-text-9\" style=\"transform:translate3d(0,0,0);\"><h2><span style=\"color: #ffffff;\"><span style=\"caret-color: #ffffff;\">I NOSTRI PRODOTTI<\/span><\/span><\/h2>\n<\/div><\/div><\/div><div class=\"fusion-clearfix\"><\/div><\/div><\/div><div class=\"fusion-layout-column fusion_builder_column fusion-builder-column-9 fusion_builder_column_2_3 2_3 fusion-two-third fusion-column-last\" style=\"width:65.3333%;margin-top:0px;margin-bottom:100px;\"><div class=\"fusion-column-wrapper fusion-flex-column-wrapper-legacy\" style=\"background-position:left top;background-repeat:no-repeat;-webkit-background-size:cover;-moz-background-size:cover;-o-background-size:cover;background-size:cover;padding: 0px 0px 0px 0px;\"><div class=\"fusion-column-content-centered\"><div class=\"fusion-column-content\"><ul class=\"fusion-checklist fusion-checklist-1\" style=\"font-size:20px;line-height:34px;\"><li class=\"fusion-li-item\"><span style=\"height:34px;width:34px;margin-right:14px;\" class=\"icon-wrapper circle-no\"><i class=\"fusion-li-icon fa-check fas\" style=\"color:#ffffff;\" aria-hidden=\"true\"><\/i><\/span><div class=\"fusion-li-item-content\" style=\"margin-left:48px;\">\n<p><span style=\"color: #ffffff;\">Maxilistoni a 3 strati di grandi dimensioni<\/span><\/p>\n<\/div><\/li><li class=\"fusion-li-item\"><span style=\"height:34px;width:34px;margin-right:14px;\" class=\"icon-wrapper circle-no\"><i class=\"fusion-li-icon fa-check fas\" style=\"color:#ffffff;\" aria-hidden=\"true\"><\/i><\/span><div class=\"fusion-li-item-content\" style=\"margin-left:48px;\">\n<p><span style=\"color: #ffffff;\">Massima stabilit\u00e0<\/span><\/p>\n<\/div><\/li><li class=\"fusion-li-item\"><span style=\"height:34px;width:34px;margin-right:14px;\" class=\"icon-wrapper circle-no\"><i class=\"fusion-li-icon fa-check fas\" style=\"color:#ffffff;\" aria-hidden=\"true\"><\/i><\/span><div class=\"fusion-li-item-content\" style=\"margin-left:48px;\">\n<p><span style=\"color: #ffffff;\">Rilevigabili\u00a0nel tempo<\/span><\/p>\n<\/div><\/li><li class=\"fusion-li-item\"><span style=\"height:34px;width:34px;margin-right:14px;\" class=\"icon-wrapper circle-no\"><i class=\"fusion-li-icon fa-check fas\" style=\"color:#ffffff;\" aria-hidden=\"true\"><\/i><\/span><div class=\"fusion-li-item-content\" style=\"margin-left:48px;\">\n<p><span style=\"color: #ffffff;\">Ideali\u00a0per il riscaldamento a pavimento<\/span><\/p>\n<\/div><\/li><li class=\"fusion-li-item\"><span style=\"height:34px;width:34px;margin-right:14px;\" class=\"icon-wrapper circle-no\"><i class=\"fusion-li-icon fa-check fas\" style=\"color:#ffffff;\" aria-hidden=\"true\"><\/i><\/span><div class=\"fusion-li-item-content\" style=\"margin-left:48px;\">\n<p><span style=\"color: #ffffff;\">Personalizzabile con il colore che si desidera<\/span><\/p>\n<\/div><\/li><li class=\"fusion-li-item\"><span style=\"height:34px;width:34px;margin-right:14px;\" class=\"icon-wrapper circle-no\"><i class=\"fusion-li-icon fa-check fas\" style=\"color:#ffffff;\" aria-hidden=\"true\"><\/i><\/span><div class=\"fusion-li-item-content\" style=\"margin-left:48px;\">\n<p><span style=\"color: #ffffff;\">Colla in assenza di pentaclorofenolo e formaldeide<\/span><\/p>\n<\/div><\/li><\/ul><\/div><\/div><div class=\"fusion-clearfix\"><\/div><\/div><\/div><\/div><\/div><div class=\"fusion-fullwidth fullwidth-box fusion-builder-row-6 nonhundred-percent-fullwidth non-hundred-percent-height-scrolling\" style=\"background-color: rgba(255,255,255,0);background-position: left top;background-repeat: no-repeat;padding-top:135px;padding-right:0px;padding-bottom:75px;padding-left:0px;margin-bottom: 0px;margin-top: 0px;border-width: 0px 0px 0px 0px;border-color:#eae9e9;border-style:solid;\" ><div class=\"fusion-builder-row fusion-row\"><div class=\"fusion-layout-column fusion_builder_column fusion-builder-column-10 fusion_builder_column_1_1 1_1 fusion-one-full fusion-column-first fusion-column-last\" style=\"margin-top:0px;margin-bottom:20px;\"><div class=\"fusion-column-wrapper fusion-flex-column-wrapper-legacy\" style=\"background-position:left top;background-repeat:no-repeat;-webkit-background-size:cover;-moz-background-size:cover;-o-background-size:cover;background-size:cover;padding: 0px 0px 0px 0px;\"><div class=\"fusion-recent-works fusion-portfolio-element fusion-portfolio fusion-portfolio-1 fusion-portfolio-grid fusion-portfolio-paging-infinite fusion-portfolio-three fusion-portfolio-no_text fusion-portfolio-rollover\" data-id=\"-rw-1\" data-columns=\"three\"><style type=\"text\/css\">.fusion-portfolio-1 .fusion-portfolio-wrapper .fusion-col-spacing{padding:15px;}<\/style><div class=\"fusion-portfolio-wrapper\" id=\"fusion-portfolio-1\" data-picturesize=\"auto\" data-pages=\"1\" style=\"margin:-15px;\"><article id=\"portfolio-1-post-4057\" class=\"fusion-portfolio-post prima-patina fusion-col-spacing post-4057\"><div class=\"fusion-portfolio-content-wrapper\" style=\"border:none;\"><span class=\"entry-title rich-snippet-hidden\">Parquet<\/span><span class=\"vcard rich-snippet-hidden\"><span class=\"fn\"><a href=\"http:\/\/www.wooditaly.eu\/wordpress\/author\/roberto-caluzzi\/\" title=\"Articoli scritti da Roberto Caluzzi\" rel=\"author\">Roberto Caluzzi<\/a><\/span><\/span><span class=\"updated rich-snippet-hidden\">2018-06-06T12:23:06+02:00<\/span>\n\n<div  class=\"fusion-image-wrapper\" aria-haspopup=\"true\">\n\t\n\t\n\t\n\t\t\n\t\t\t\t\t<img width=\"800\" height=\"541\" src=\"http:\/\/www.wooditaly.eu\/wordpress\/wp-content\/uploads\/2018\/06\/port-pp-15.jpg\" class=\"attachment-full size-full wp-post-image\" alt=\"\" srcset=\"http:\/\/www.wooditaly.eu\/wordpress\/wp-content\/uploads\/2018\/06\/port-pp-15-200x135.jpg 200w, http:\/\/www.wooditaly.eu\/wordpress\/wp-content\/uploads\/2018\/06\/port-pp-15-400x271.jpg 400w, http:\/\/www.wooditaly.eu\/wordpress\/wp-content\/uploads\/2018\/06\/port-pp-15-600x406.jpg 600w, http:\/\/www.wooditaly.eu\/wordpress\/wp-content\/uploads\/2018\/06\/port-pp-15.jpg 800w\" sizes=\"(min-width: 2200px) 100vw, (min-width: 824px) 370px, (min-width: 732px) 555px, (min-width: 640px) 732px, \" \/>\n\t\n\n\t\t<div class=\"fusion-rollover\">\n\t<div class=\"fusion-rollover-content\">\n\n\t\t\t\t\t\t\t\t\t\t\t\t\t\t<a class=\"fusion-rollover-link\" href=\"http:\/\/www.wooditaly.eu\/wordpress\/avada_portfolio\/parquet-15\/?portfolioCats=151\">Parquet<\/a>\n\t\t\t\n\t\t\t\t\t\t\t\t\t\t\t\t\t\t\n\t\t\t\t\t\t\t\t\n\t\t\t\t\t\t\t\t\t\t\t\t\t<div class=\"fusion-rollover-sep\"><\/div>\n\t\t\t\t\n\t\t\t\t\t\t\t\t\t\t\t\t\t\t\t\t\t\t<a class=\"fusion-rollover-gallery\" href=\"http:\/\/www.wooditaly.eu\/wordpress\/wp-content\/uploads\/2018\/06\/port-pp-15.jpg\" data-id=\"4057\" data-rel=\"iLightbox[gallery-rw-1]\" data-title=\"port-pp-15\" data-caption=\"\">\n\t\t\t\t\t\tGalleria\t\t\t\t\t<\/a>\n\t\t\t\t\t\t\t\t\t\t\t\t\t\t\n\t\t\t\t\n\t\t\t\t\t\t\t\t\t\t\t\t<h4 class=\"fusion-rollover-title\">\n\t\t\t\t\t<a class=\"fusion-rollover-title-link\" href=\"http:\/\/www.wooditaly.eu\/wordpress\/avada_portfolio\/parquet-15\/?portfolioCats=151\">\n\t\t\t\t\t\tParquet\t\t\t\t\t<\/a>\n\t\t\t\t<\/h4>\n\t\t\t\n\t\t\t\t\t\t\t\t\n\t\t\n\t\t\t\t<a class=\"fusion-link-wrapper\" href=\"http:\/\/www.wooditaly.eu\/wordpress\/avada_portfolio\/parquet-15\/?portfolioCats=151\" aria-label=\"Parquet\"><\/a>\n\t<\/div>\n<\/div>\n\n\t\n<\/div>\n<\/div><\/article><article id=\"portfolio-1-post-4056\" class=\"fusion-portfolio-post prima-patina fusion-col-spacing post-4056\"><div class=\"fusion-portfolio-content-wrapper\" style=\"border:none;\"><span class=\"entry-title rich-snippet-hidden\">Parquet<\/span><span class=\"vcard rich-snippet-hidden\"><span class=\"fn\"><a href=\"http:\/\/www.wooditaly.eu\/wordpress\/author\/roberto-caluzzi\/\" title=\"Articoli scritti da Roberto Caluzzi\" rel=\"author\">Roberto Caluzzi<\/a><\/span><\/span><span class=\"updated rich-snippet-hidden\">2018-06-06T12:23:00+02:00<\/span>\n\n<div  class=\"fusion-image-wrapper\" aria-haspopup=\"true\">\n\t\n\t\n\t\n\t\t\n\t\t\t\t\t<img width=\"800\" height=\"541\" src=\"http:\/\/www.wooditaly.eu\/wordpress\/wp-content\/uploads\/2018\/06\/port-pp-16.jpg\" class=\"attachment-full size-full wp-post-image\" alt=\"\" srcset=\"http:\/\/www.wooditaly.eu\/wordpress\/wp-content\/uploads\/2018\/06\/port-pp-16-200x135.jpg 200w, http:\/\/www.wooditaly.eu\/wordpress\/wp-content\/uploads\/2018\/06\/port-pp-16-400x271.jpg 400w, http:\/\/www.wooditaly.eu\/wordpress\/wp-content\/uploads\/2018\/06\/port-pp-16-600x406.jpg 600w, http:\/\/www.wooditaly.eu\/wordpress\/wp-content\/uploads\/2018\/06\/port-pp-16.jpg 800w\" sizes=\"(min-width: 2200px) 100vw, (min-width: 824px) 370px, (min-width: 732px) 555px, (min-width: 640px) 732px, \" \/>\n\t\n\n\t\t<div class=\"fusion-rollover\">\n\t<div class=\"fusion-rollover-content\">\n\n\t\t\t\t\t\t\t\t\t\t\t\t\t\t<a class=\"fusion-rollover-link\" href=\"http:\/\/www.wooditaly.eu\/wordpress\/avada_portfolio\/parquet-14\/?portfolioCats=151\">Parquet<\/a>\n\t\t\t\n\t\t\t\t\t\t\t\t\t\t\t\t\t\t\n\t\t\t\t\t\t\t\t\n\t\t\t\t\t\t\t\t\t\t\t\t\t<div class=\"fusion-rollover-sep\"><\/div>\n\t\t\t\t\n\t\t\t\t\t\t\t\t\t\t\t\t\t\t\t\t\t\t<a class=\"fusion-rollover-gallery\" href=\"http:\/\/www.wooditaly.eu\/wordpress\/wp-content\/uploads\/2018\/06\/port-pp-16.jpg\" data-id=\"4056\" data-rel=\"iLightbox[gallery-rw-1]\" data-title=\"port-pp-16\" data-caption=\"\">\n\t\t\t\t\t\tGalleria\t\t\t\t\t<\/a>\n\t\t\t\t\t\t\t\t\t\t\t\t\t\t\n\t\t\t\t\n\t\t\t\t\t\t\t\t\t\t\t\t<h4 class=\"fusion-rollover-title\">\n\t\t\t\t\t<a class=\"fusion-rollover-title-link\" href=\"http:\/\/www.wooditaly.eu\/wordpress\/avada_portfolio\/parquet-14\/?portfolioCats=151\">\n\t\t\t\t\t\tParquet\t\t\t\t\t<\/a>\n\t\t\t\t<\/h4>\n\t\t\t\n\t\t\t\t\t\t\t\t\n\t\t\n\t\t\t\t<a class=\"fusion-link-wrapper\" href=\"http:\/\/www.wooditaly.eu\/wordpress\/avada_portfolio\/parquet-14\/?portfolioCats=151\" aria-label=\"Parquet\"><\/a>\n\t<\/div>\n<\/div>\n\n\t\n<\/div>\n<\/div><\/article><article id=\"portfolio-1-post-3954\" class=\"fusion-portfolio-post prima-patina fusion-col-spacing post-3954\"><div class=\"fusion-portfolio-content-wrapper\" style=\"border:none;\"><span class=\"entry-title rich-snippet-hidden\">Arredamento<\/span><span class=\"vcard rich-snippet-hidden\"><span class=\"fn\"><a href=\"http:\/\/www.wooditaly.eu\/wordpress\/author\/roberto-caluzzi\/\" title=\"Articoli scritti da Roberto Caluzzi\" rel=\"author\">Roberto Caluzzi<\/a><\/span><\/span><span class=\"updated rich-snippet-hidden\">2018-06-06T12:22:18+02:00<\/span>\n\n<div  class=\"fusion-image-wrapper\" aria-haspopup=\"true\">\n\t\n\t\n\t\n\t\t\n\t\t\t\t\t<img width=\"800\" height=\"541\" src=\"http:\/\/www.wooditaly.eu\/wordpress\/wp-content\/uploads\/2018\/06\/port-pp-14.jpg\" class=\"attachment-full size-full wp-post-image\" alt=\"\" srcset=\"http:\/\/www.wooditaly.eu\/wordpress\/wp-content\/uploads\/2018\/06\/port-pp-14-200x135.jpg 200w, http:\/\/www.wooditaly.eu\/wordpress\/wp-content\/uploads\/2018\/06\/port-pp-14-400x271.jpg 400w, http:\/\/www.wooditaly.eu\/wordpress\/wp-content\/uploads\/2018\/06\/port-pp-14-600x406.jpg 600w, http:\/\/www.wooditaly.eu\/wordpress\/wp-content\/uploads\/2018\/06\/port-pp-14.jpg 800w\" sizes=\"(min-width: 2200px) 100vw, (min-width: 824px) 370px, (min-width: 732px) 555px, (min-width: 640px) 732px, \" \/>\n\t\n\n\t\t<div class=\"fusion-rollover\">\n\t<div class=\"fusion-rollover-content\">\n\n\t\t\t\t\t\t\t\t\t\t\t\t\t\t<a class=\"fusion-rollover-link\" href=\"http:\/\/www.wooditaly.eu\/wordpress\/avada_portfolio\/arredamento-5\/?portfolioCats=151\">Arredamento<\/a>\n\t\t\t\n\t\t\t\t\t\t\t\t\t\t\t\t\t\t\n\t\t\t\t\t\t\t\t\n\t\t\t\t\t\t\t\t\t\t\t\t\t<div class=\"fusion-rollover-sep\"><\/div>\n\t\t\t\t\n\t\t\t\t\t\t\t\t\t\t\t\t\t\t\t\t\t\t<a class=\"fusion-rollover-gallery\" href=\"http:\/\/www.wooditaly.eu\/wordpress\/wp-content\/uploads\/2018\/06\/port-pp-14.jpg\" data-id=\"3954\" data-rel=\"iLightbox[gallery-rw-1]\" data-title=\"port-pp-14\" data-caption=\"\">\n\t\t\t\t\t\tGalleria\t\t\t\t\t<\/a>\n\t\t\t\t\t\t\t\t\t\t\t\t\t\t\n\t\t\t\t\n\t\t\t\t\t\t\t\t\t\t\t\t<h4 class=\"fusion-rollover-title\">\n\t\t\t\t\t<a class=\"fusion-rollover-title-link\" href=\"http:\/\/www.wooditaly.eu\/wordpress\/avada_portfolio\/arredamento-5\/?portfolioCats=151\">\n\t\t\t\t\t\tArredamento\t\t\t\t\t<\/a>\n\t\t\t\t<\/h4>\n\t\t\t\n\t\t\t\t\t\t\t\t\n\t\t\n\t\t\t\t<a class=\"fusion-link-wrapper\" href=\"http:\/\/www.wooditaly.eu\/wordpress\/avada_portfolio\/arredamento-5\/?portfolioCats=151\" aria-label=\"Arredamento\"><\/a>\n\t<\/div>\n<\/div>\n\n\t\n<\/div>\n<\/div><\/article><article id=\"portfolio-1-post-3953\" class=\"fusion-portfolio-post prima-patina fusion-col-spacing post-3953\"><div class=\"fusion-portfolio-content-wrapper\" style=\"border:none;\"><span class=\"entry-title rich-snippet-hidden\">Arredamento<\/span><span class=\"vcard rich-snippet-hidden\"><span class=\"fn\"><a href=\"http:\/\/www.wooditaly.eu\/wordpress\/author\/roberto-caluzzi\/\" title=\"Articoli scritti da Roberto Caluzzi\" rel=\"author\">Roberto Caluzzi<\/a><\/span><\/span><span class=\"updated rich-snippet-hidden\">2018-06-06T12:22:06+02:00<\/span>\n\n<div  class=\"fusion-image-wrapper\" aria-haspopup=\"true\">\n\t\n\t\n\t\n\t\t\n\t\t\t\t\t<img width=\"800\" height=\"541\" src=\"http:\/\/www.wooditaly.eu\/wordpress\/wp-content\/uploads\/2018\/06\/port-pp-13.jpg\" class=\"attachment-full size-full wp-post-image\" alt=\"\" srcset=\"http:\/\/www.wooditaly.eu\/wordpress\/wp-content\/uploads\/2018\/06\/port-pp-13-200x135.jpg 200w, http:\/\/www.wooditaly.eu\/wordpress\/wp-content\/uploads\/2018\/06\/port-pp-13-400x271.jpg 400w, http:\/\/www.wooditaly.eu\/wordpress\/wp-content\/uploads\/2018\/06\/port-pp-13-600x406.jpg 600w, http:\/\/www.wooditaly.eu\/wordpress\/wp-content\/uploads\/2018\/06\/port-pp-13.jpg 800w\" sizes=\"(min-width: 2200px) 100vw, (min-width: 824px) 370px, (min-width: 732px) 555px, (min-width: 640px) 732px, \" \/>\n\t\n\n\t\t<div class=\"fusion-rollover\">\n\t<div class=\"fusion-rollover-content\">\n\n\t\t\t\t\t\t\t\t\t\t\t\t\t\t<a class=\"fusion-rollover-link\" href=\"http:\/\/www.wooditaly.eu\/wordpress\/avada_portfolio\/arredamento-4-2\/?portfolioCats=151\">Arredamento<\/a>\n\t\t\t\n\t\t\t\t\t\t\t\t\t\t\t\t\t\t\n\t\t\t\t\t\t\t\t\n\t\t\t\t\t\t\t\t\t\t\t\t\t<div class=\"fusion-rollover-sep\"><\/div>\n\t\t\t\t\n\t\t\t\t\t\t\t\t\t\t\t\t\t\t\t\t\t\t<a class=\"fusion-rollover-gallery\" href=\"http:\/\/www.wooditaly.eu\/wordpress\/wp-content\/uploads\/2018\/06\/port-pp-13.jpg\" data-id=\"3953\" data-rel=\"iLightbox[gallery-rw-1]\" data-title=\"port-pp-13\" data-caption=\"\">\n\t\t\t\t\t\tGalleria\t\t\t\t\t<\/a>\n\t\t\t\t\t\t\t\t\t\t\t\t\t\t\n\t\t\t\t\n\t\t\t\t\t\t\t\t\t\t\t\t<h4 class=\"fusion-rollover-title\">\n\t\t\t\t\t<a class=\"fusion-rollover-title-link\" href=\"http:\/\/www.wooditaly.eu\/wordpress\/avada_portfolio\/arredamento-4-2\/?portfolioCats=151\">\n\t\t\t\t\t\tArredamento\t\t\t\t\t<\/a>\n\t\t\t\t<\/h4>\n\t\t\t\n\t\t\t\t\t\t\t\t\n\t\t\n\t\t\t\t<a class=\"fusion-link-wrapper\" href=\"http:\/\/www.wooditaly.eu\/wordpress\/avada_portfolio\/arredamento-4-2\/?portfolioCats=151\" aria-label=\"Arredamento\"><\/a>\n\t<\/div>\n<\/div>\n\n\t\n<\/div>\n<\/div><\/article><article id=\"portfolio-1-post-3951\" class=\"fusion-portfolio-post prima-patina fusion-col-spacing post-3951\"><div class=\"fusion-portfolio-content-wrapper\" style=\"border:none;\"><span class=\"entry-title rich-snippet-hidden\">Arredamento<\/span><span class=\"vcard rich-snippet-hidden\"><span class=\"fn\"><a href=\"http:\/\/www.wooditaly.eu\/wordpress\/author\/roberto-caluzzi\/\" title=\"Articoli scritti da Roberto Caluzzi\" rel=\"author\">Roberto Caluzzi<\/a><\/span><\/span><span class=\"updated rich-snippet-hidden\">2018-06-06T12:21:57+02:00<\/span>\n\n<div  class=\"fusion-image-wrapper\" aria-haspopup=\"true\">\n\t\n\t\n\t\n\t\t\n\t\t\t\t\t<img width=\"800\" height=\"541\" src=\"http:\/\/www.wooditaly.eu\/wordpress\/wp-content\/uploads\/2018\/06\/port-pp-12.jpg\" class=\"attachment-full size-full wp-post-image\" alt=\"\" srcset=\"http:\/\/www.wooditaly.eu\/wordpress\/wp-content\/uploads\/2018\/06\/port-pp-12-200x135.jpg 200w, http:\/\/www.wooditaly.eu\/wordpress\/wp-content\/uploads\/2018\/06\/port-pp-12-400x271.jpg 400w, http:\/\/www.wooditaly.eu\/wordpress\/wp-content\/uploads\/2018\/06\/port-pp-12-600x406.jpg 600w, http:\/\/www.wooditaly.eu\/wordpress\/wp-content\/uploads\/2018\/06\/port-pp-12.jpg 800w\" sizes=\"(min-width: 2200px) 100vw, (min-width: 824px) 370px, (min-width: 732px) 555px, (min-width: 640px) 732px, \" \/>\n\t\n\n\t\t<div class=\"fusion-rollover\">\n\t<div class=\"fusion-rollover-content\">\n\n\t\t\t\t\t\t\t\t\t\t\t\t\t\t<a class=\"fusion-rollover-link\" href=\"http:\/\/www.wooditaly.eu\/wordpress\/avada_portfolio\/arredamento-3\/?portfolioCats=151\">Arredamento<\/a>\n\t\t\t\n\t\t\t\t\t\t\t\t\t\t\t\t\t\t\n\t\t\t\t\t\t\t\t\n\t\t\t\t\t\t\t\t\t\t\t\t\t<div class=\"fusion-rollover-sep\"><\/div>\n\t\t\t\t\n\t\t\t\t\t\t\t\t\t\t\t\t\t\t\t\t\t\t<a class=\"fusion-rollover-gallery\" href=\"http:\/\/www.wooditaly.eu\/wordpress\/wp-content\/uploads\/2018\/06\/port-pp-12.jpg\" data-id=\"3951\" data-rel=\"iLightbox[gallery-rw-1]\" data-title=\"port-pp-12\" data-caption=\"\">\n\t\t\t\t\t\tGalleria\t\t\t\t\t<\/a>\n\t\t\t\t\t\t\t\t\t\t\t\t\t\t\n\t\t\t\t\n\t\t\t\t\t\t\t\t\t\t\t\t<h4 class=\"fusion-rollover-title\">\n\t\t\t\t\t<a class=\"fusion-rollover-title-link\" href=\"http:\/\/www.wooditaly.eu\/wordpress\/avada_portfolio\/arredamento-3\/?portfolioCats=151\">\n\t\t\t\t\t\tArredamento\t\t\t\t\t<\/a>\n\t\t\t\t<\/h4>\n\t\t\t\n\t\t\t\t\t\t\t\t\n\t\t\n\t\t\t\t<a class=\"fusion-link-wrapper\" href=\"http:\/\/www.wooditaly.eu\/wordpress\/avada_portfolio\/arredamento-3\/?portfolioCats=151\" aria-label=\"Arredamento\"><\/a>\n\t<\/div>\n<\/div>\n\n\t\n<\/div>\n<\/div><\/article><article id=\"portfolio-1-post-166\" class=\"fusion-portfolio-post prima-patina fusion-col-spacing post-166\"><div class=\"fusion-portfolio-content-wrapper\" style=\"border:none;\"><span class=\"entry-title rich-snippet-hidden\">Parquet<\/span><span class=\"vcard rich-snippet-hidden\"><span class=\"fn\"><a href=\"http:\/\/www.wooditaly.eu\/wordpress\/author\/roberto-caluzzi\/\" title=\"Articoli scritti da Roberto Caluzzi\" rel=\"author\">Roberto Caluzzi<\/a><\/span><\/span><span class=\"updated rich-snippet-hidden\">2018-06-06T12:21:00+02:00<\/span>\n\n<div  class=\"fusion-image-wrapper\" aria-haspopup=\"true\">\n\t\n\t\n\t\n\t\t\n\t\t\t\t\t<img width=\"800\" height=\"541\" src=\"http:\/\/www.wooditaly.eu\/wordpress\/wp-content\/uploads\/2018\/06\/port-pp-03.jpg\" class=\"attachment-full size-full wp-post-image\" alt=\"\" srcset=\"http:\/\/www.wooditaly.eu\/wordpress\/wp-content\/uploads\/2018\/06\/port-pp-03-200x135.jpg 200w, http:\/\/www.wooditaly.eu\/wordpress\/wp-content\/uploads\/2018\/06\/port-pp-03-400x271.jpg 400w, http:\/\/www.wooditaly.eu\/wordpress\/wp-content\/uploads\/2018\/06\/port-pp-03-600x406.jpg 600w, http:\/\/www.wooditaly.eu\/wordpress\/wp-content\/uploads\/2018\/06\/port-pp-03.jpg 800w\" sizes=\"(min-width: 2200px) 100vw, (min-width: 824px) 370px, (min-width: 732px) 555px, (min-width: 640px) 732px, \" \/>\n\t\n\n\t\t<div class=\"fusion-rollover\">\n\t<div class=\"fusion-rollover-content\">\n\n\t\t\t\t\t\t\t\t\t\t\t\t\t\t<a class=\"fusion-rollover-link\" href=\"http:\/\/www.wooditaly.eu\/wordpress\/avada_portfolio\/parquet-13\/?portfolioCats=151\">Parquet<\/a>\n\t\t\t\n\t\t\t\t\t\t\t\t\t\t\t\t\t\t\n\t\t\t\t\t\t\t\t\n\t\t\t\t\t\t\t\t\t\t\t\t\t<div class=\"fusion-rollover-sep\"><\/div>\n\t\t\t\t\n\t\t\t\t\t\t\t\t\t\t\t\t\t\t\t\t\t\t<a class=\"fusion-rollover-gallery\" href=\"http:\/\/www.wooditaly.eu\/wordpress\/wp-content\/uploads\/2018\/06\/port-pp-03.jpg\" data-id=\"166\" data-rel=\"iLightbox[gallery-rw-1]\" data-title=\"port-pp-03\" data-caption=\"\">\n\t\t\t\t\t\tGalleria\t\t\t\t\t<\/a>\n\t\t\t\t\t\t\t\t\t\t\t\t\t\t\n\t\t\t\t\n\t\t\t\t\t\t\t\t\t\t\t\t<h4 class=\"fusion-rollover-title\">\n\t\t\t\t\t<a class=\"fusion-rollover-title-link\" href=\"http:\/\/www.wooditaly.eu\/wordpress\/avada_portfolio\/parquet-13\/?portfolioCats=151\">\n\t\t\t\t\t\tParquet\t\t\t\t\t<\/a>\n\t\t\t\t<\/h4>\n\t\t\t\n\t\t\t\t\t\t\t\t\n\t\t\n\t\t\t\t<a class=\"fusion-link-wrapper\" href=\"http:\/\/www.wooditaly.eu\/wordpress\/avada_portfolio\/parquet-13\/?portfolioCats=151\" aria-label=\"Parquet\"><\/a>\n\t<\/div>\n<\/div>\n\n\t\n<\/div>\n<\/div><\/article><article id=\"portfolio-1-post-164\" class=\"fusion-portfolio-post prima-patina fusion-col-spacing post-164\"><div class=\"fusion-portfolio-content-wrapper\" style=\"border:none;\"><span class=\"entry-title rich-snippet-hidden\">Arredamento<\/span><span class=\"vcard rich-snippet-hidden\"><span class=\"fn\"><a href=\"http:\/\/www.wooditaly.eu\/wordpress\/author\/roberto-caluzzi\/\" title=\"Articoli scritti da Roberto Caluzzi\" rel=\"author\">Roberto Caluzzi<\/a><\/span><\/span><span class=\"updated rich-snippet-hidden\">2018-06-06T12:19:42+02:00<\/span>\n\n<div  class=\"fusion-image-wrapper\" aria-haspopup=\"true\">\n\t\n\t\n\t\n\t\t\n\t\t\t\t\t<img width=\"800\" height=\"541\" src=\"http:\/\/www.wooditaly.eu\/wordpress\/wp-content\/uploads\/2018\/06\/port-pp-05.jpg\" class=\"attachment-full size-full wp-post-image\" alt=\"\" srcset=\"http:\/\/www.wooditaly.eu\/wordpress\/wp-content\/uploads\/2018\/06\/port-pp-05-200x135.jpg 200w, http:\/\/www.wooditaly.eu\/wordpress\/wp-content\/uploads\/2018\/06\/port-pp-05-400x271.jpg 400w, http:\/\/www.wooditaly.eu\/wordpress\/wp-content\/uploads\/2018\/06\/port-pp-05-600x406.jpg 600w, http:\/\/www.wooditaly.eu\/wordpress\/wp-content\/uploads\/2018\/06\/port-pp-05.jpg 800w\" sizes=\"(min-width: 2200px) 100vw, (min-width: 824px) 370px, (min-width: 732px) 555px, (min-width: 640px) 732px, \" \/>\n\t\n\n\t\t<div class=\"fusion-rollover\">\n\t<div class=\"fusion-rollover-content\">\n\n\t\t\t\t\t\t\t\t\t\t\t\t\t\t<a class=\"fusion-rollover-link\" href=\"http:\/\/www.wooditaly.eu\/wordpress\/avada_portfolio\/arredamento-1\/?portfolioCats=151\">Arredamento<\/a>\n\t\t\t\n\t\t\t\t\t\t\t\t\t\t\t\t\t\t\n\t\t\t\t\t\t\t\t\n\t\t\t\t\t\t\t\t\t\t\t\t\t<div class=\"fusion-rollover-sep\"><\/div>\n\t\t\t\t\n\t\t\t\t\t\t\t\t\t\t\t\t\t\t\t\t\t\t<a class=\"fusion-rollover-gallery\" href=\"http:\/\/www.wooditaly.eu\/wordpress\/wp-content\/uploads\/2018\/06\/port-pp-05.jpg\" data-id=\"164\" data-rel=\"iLightbox[gallery-rw-1]\" data-title=\"port-pp-05\" data-caption=\"\">\n\t\t\t\t\t\tGalleria\t\t\t\t\t<\/a>\n\t\t\t\t\t\t\t\t\t\t\t\t\t\t\n\t\t\t\t\n\t\t\t\t\t\t\t\t\t\t\t\t<h4 class=\"fusion-rollover-title\">\n\t\t\t\t\t<a class=\"fusion-rollover-title-link\" href=\"http:\/\/www.wooditaly.eu\/wordpress\/avada_portfolio\/arredamento-1\/?portfolioCats=151\">\n\t\t\t\t\t\tArredamento\t\t\t\t\t<\/a>\n\t\t\t\t<\/h4>\n\t\t\t\n\t\t\t\t\t\t\t\t\n\t\t\n\t\t\t\t<a class=\"fusion-link-wrapper\" href=\"http:\/\/www.wooditaly.eu\/wordpress\/avada_portfolio\/arredamento-1\/?portfolioCats=151\" aria-label=\"Arredamento\"><\/a>\n\t<\/div>\n<\/div>\n\n\t\n<\/div>\n<\/div><\/article><article id=\"portfolio-1-post-162\" class=\"fusion-portfolio-post prima-patina fusion-col-spacing post-162\"><div class=\"fusion-portfolio-content-wrapper\" style=\"border:none;\"><span class=\"entry-title rich-snippet-hidden\">Porte<\/span><span class=\"vcard rich-snippet-hidden\"><span class=\"fn\"><a href=\"http:\/\/www.wooditaly.eu\/wordpress\/author\/roberto-caluzzi\/\" title=\"Articoli scritti da Roberto Caluzzi\" rel=\"author\">Roberto Caluzzi<\/a><\/span><\/span><span class=\"updated rich-snippet-hidden\">2018-06-06T12:19:36+02:00<\/span>\n\n<div  class=\"fusion-image-wrapper\" aria-haspopup=\"true\">\n\t\n\t\n\t\n\t\t\n\t\t\t\t\t<img width=\"800\" height=\"541\" src=\"http:\/\/www.wooditaly.eu\/wordpress\/wp-content\/uploads\/2018\/06\/port-pp-07.jpg\" class=\"attachment-full size-full wp-post-image\" alt=\"\" srcset=\"http:\/\/www.wooditaly.eu\/wordpress\/wp-content\/uploads\/2018\/06\/port-pp-07-200x135.jpg 200w, http:\/\/www.wooditaly.eu\/wordpress\/wp-content\/uploads\/2018\/06\/port-pp-07-400x271.jpg 400w, http:\/\/www.wooditaly.eu\/wordpress\/wp-content\/uploads\/2018\/06\/port-pp-07-600x406.jpg 600w, http:\/\/www.wooditaly.eu\/wordpress\/wp-content\/uploads\/2018\/06\/port-pp-07.jpg 800w\" sizes=\"(min-width: 2200px) 100vw, (min-width: 824px) 370px, (min-width: 732px) 555px, (min-width: 640px) 732px, \" \/>\n\t\n\n\t\t<div class=\"fusion-rollover\">\n\t<div class=\"fusion-rollover-content\">\n\n\t\t\t\t\t\t\t\t\t\t\t\t\t\t<a class=\"fusion-rollover-link\" href=\"http:\/\/www.wooditaly.eu\/wordpress\/avada_portfolio\/porte\/?portfolioCats=151\">Porte<\/a>\n\t\t\t\n\t\t\t\t\t\t\t\t\t\t\t\t\t\t\n\t\t\t\t\t\t\t\t\n\t\t\t\t\t\t\t\t\t\t\t\t\t<div class=\"fusion-rollover-sep\"><\/div>\n\t\t\t\t\n\t\t\t\t\t\t\t\t\t\t\t\t\t\t\t\t\t\t<a class=\"fusion-rollover-gallery\" href=\"http:\/\/www.wooditaly.eu\/wordpress\/wp-content\/uploads\/2018\/06\/port-pp-07.jpg\" data-id=\"162\" data-rel=\"iLightbox[gallery-rw-1]\" data-title=\"port-pp-07\" data-caption=\"\">\n\t\t\t\t\t\tGalleria\t\t\t\t\t<\/a>\n\t\t\t\t\t\t\t\t\t\t\t\t\t\t\n\t\t\t\t\n\t\t\t\t\t\t\t\t\t\t\t\t<h4 class=\"fusion-rollover-title\">\n\t\t\t\t\t<a class=\"fusion-rollover-title-link\" href=\"http:\/\/www.wooditaly.eu\/wordpress\/avada_portfolio\/porte\/?portfolioCats=151\">\n\t\t\t\t\t\tPorte\t\t\t\t\t<\/a>\n\t\t\t\t<\/h4>\n\t\t\t\n\t\t\t\t\t\t\t\t\n\t\t\n\t\t\t\t<a class=\"fusion-link-wrapper\" href=\"http:\/\/www.wooditaly.eu\/wordpress\/avada_portfolio\/porte\/?portfolioCats=151\" aria-label=\"Porte\"><\/a>\n\t<\/div>\n<\/div>\n\n\t\n<\/div>\n<\/div><\/article><article id=\"portfolio-1-post-160\" class=\"fusion-portfolio-post prima-patina fusion-col-spacing post-160\"><div class=\"fusion-portfolio-content-wrapper\" style=\"border:none;\"><span class=\"entry-title rich-snippet-hidden\">Arredamento<\/span><span class=\"vcard rich-snippet-hidden\"><span class=\"fn\"><a href=\"http:\/\/www.wooditaly.eu\/wordpress\/author\/roberto-caluzzi\/\" title=\"Articoli scritti da Roberto Caluzzi\" rel=\"author\">Roberto Caluzzi<\/a><\/span><\/span><span class=\"updated rich-snippet-hidden\">2018-06-06T12:12:20+02:00<\/span>\n\n<div  class=\"fusion-image-wrapper\" aria-haspopup=\"true\">\n\t\n\t\n\t\n\t\t\n\t\t\t\t\t<img width=\"800\" height=\"541\" src=\"http:\/\/www.wooditaly.eu\/wordpress\/wp-content\/uploads\/2018\/06\/port-pp-10.jpg\" class=\"attachment-full size-full wp-post-image\" alt=\"\" srcset=\"http:\/\/www.wooditaly.eu\/wordpress\/wp-content\/uploads\/2018\/06\/port-pp-10-200x135.jpg 200w, http:\/\/www.wooditaly.eu\/wordpress\/wp-content\/uploads\/2018\/06\/port-pp-10-400x271.jpg 400w, http:\/\/www.wooditaly.eu\/wordpress\/wp-content\/uploads\/2018\/06\/port-pp-10-600x406.jpg 600w, http:\/\/www.wooditaly.eu\/wordpress\/wp-content\/uploads\/2018\/06\/port-pp-10.jpg 800w\" sizes=\"(min-width: 2200px) 100vw, (min-width: 824px) 370px, (min-width: 732px) 555px, (min-width: 640px) 732px, \" \/>\n\t\n\n\t\t<div class=\"fusion-rollover\">\n\t<div class=\"fusion-rollover-content\">\n\n\t\t\t\t\t\t\t\t\t\t\t\t\t\t<a class=\"fusion-rollover-link\" href=\"http:\/\/www.wooditaly.eu\/wordpress\/avada_portfolio\/arredamento\/?portfolioCats=151\">Arredamento<\/a>\n\t\t\t\n\t\t\t\t\t\t\t\t\t\t\t\t\t\t\n\t\t\t\t\t\t\t\t\n\t\t\t\t\t\t\t\t\t\t\t\t\t<div class=\"fusion-rollover-sep\"><\/div>\n\t\t\t\t\n\t\t\t\t\t\t\t\t\t\t\t\t\t\t\t\t\t\t<a class=\"fusion-rollover-gallery\" href=\"http:\/\/www.wooditaly.eu\/wordpress\/wp-content\/uploads\/2018\/06\/port-pp-10.jpg\" data-id=\"160\" data-rel=\"iLightbox[gallery-rw-1]\" data-title=\"port-pp-10\" data-caption=\"\">\n\t\t\t\t\t\tGalleria\t\t\t\t\t<\/a>\n\t\t\t\t\t\t\t\t\t\t\t\t\t\t\n\t\t\t\t\n\t\t\t\t\t\t\t\t\t\t\t\t<h4 class=\"fusion-rollover-title\">\n\t\t\t\t\t<a class=\"fusion-rollover-title-link\" href=\"http:\/\/www.wooditaly.eu\/wordpress\/avada_portfolio\/arredamento\/?portfolioCats=151\">\n\t\t\t\t\t\tArredamento\t\t\t\t\t<\/a>\n\t\t\t\t<\/h4>\n\t\t\t\n\t\t\t\t\t\t\t\t\n\t\t\n\t\t\t\t<a class=\"fusion-link-wrapper\" href=\"http:\/\/www.wooditaly.eu\/wordpress\/avada_portfolio\/arredamento\/?portfolioCats=151\" aria-label=\"Arredamento\"><\/a>\n\t<\/div>\n<\/div>\n\n\t\n<\/div>\n<\/div><\/article><\/div><\/div><div class=\"fusion-clearfix\"><\/div><\/div><\/div><\/div><\/div><\/p>\n","protected":false},"excerpt":{"rendered":"","protected":false},"author":1,"featured_media":0,"parent":11,"menu_order":2,"comment_status":"closed","ping_status":"closed","template":"100-width.php","meta":[],"_links":{"self":[{"href":"http:\/\/www.wooditaly.eu\/wordpress\/wp-json\/wp\/v2\/pages\/641"}],"collection":[{"href":"http:\/\/www.wooditaly.eu\/wordpress\/wp-json\/wp\/v2\/pages"}],"about":[{"href":"http:\/\/www.wooditaly.eu\/wordpress\/wp-json\/wp\/v2\/types\/page"}],"author":[{"embeddable":true,"href":"http:\/\/www.wooditaly.eu\/wordpress\/wp-json\/wp\/v2\/users\/1"}],"replies":[{"embeddable":true,"href":"http:\/\/www.wooditaly.eu\/wordpress\/wp-json\/wp\/v2\/comments?post=641"}],"version-history":[{"count":23,"href":"http:\/\/www.wooditaly.eu\/wordpress\/wp-json\/wp\/v2\/pages\/641\/revisions"}],"predecessor-version":[{"id":4172,"href":"http:\/\/www.wooditaly.eu\/wordpress\/wp-json\/wp\/v2\/pages\/641\/revisions\/4172"}],"up":[{"embeddable":true,"href":"http:\/\/www.wooditaly.eu\/wordpress\/wp-json\/wp\/v2\/pages\/11"}],"wp:attachment":[{"href":"http:\/\/www.wooditaly.eu\/wordpress\/wp-json\/wp\/v2\/media?parent=641"}],"curies":[{"name":"wp","href":"https:\/\/api.w.org\/{rel}","templated":true}]}}